{"id":126,"date":"2025-01-28T05:03:20","date_gmt":"2025-01-28T05:03:20","guid":{"rendered":"https:\/\/raicesccdi.com\/?page_id=126"},"modified":"2025-09-02T19:18:22","modified_gmt":"2025-09-02T19:18:22","slug":"servicios","status":"publish","type":"page","link":"https:\/\/raicesccdi.com\/?page_id=126","title":{"rendered":"Servicios"},"content":{"rendered":"\n<div class=\"wp-block-stackable-columns stk-block-columns stk-has-top-separator stk-block stk-3188e34\" data-block-id=\"3188e34\"><style>.stk-3188e34 {margin-bottom:0px !important;}.stk-3188e34 > .stk-separator__top .stk-separator__wrapper{height:30px !important;}<\/style><div class=\"stk-separator stk-separator__top\"><div class=\"stk-separator__wrapper\"><svg xmlns=\"http:\/\/www.w3.org\/2000\/svg\" viewBox=\"0 0 1600 200\" class=\"stk-separator__layer-1\" preserveAspectRatio=\"none\" aria-hidden=\"true\"><path class=\"wave-1_svg__st2\" d=\"M1341.4 48.9c-182.4 0-254.2 80.4-429.4 80.4-117.8 0-209.7-67.5-393.5-67.5-142.2 0-212.6 38.8-324.6 38.8S-10 64.7-10 64.7V210h1620V102c-110.6-40.2-181-53.1-268.6-53.1z\"><\/path><\/svg><\/div><\/div><div class=\"stk-row stk-inner-blocks stk-block-content stk-content-align stk-3188e34-column\">\n<div class=\"wp-block-stackable-column stk-block-column stk-column stk-block stk-d54c881\" data-v=\"4\" data-block-id=\"d54c881\"><style>@media screen and (min-width:690px){.stk-d54c881 {flex:var(--stk-flex-grow, 1) 1 calc(44.8% - var(--stk-column-gap, 0px) * 1 \/ 2 ) !important;}}<\/style><div class=\"stk-column-wrapper stk-block-column__content stk-container stk-d54c881-container stk--no-background stk--no-padding\"><div class=\"stk-block-content stk-inner-blocks stk-d54c881-inner-blocks\">\n<div class=\"wp-block-stackable-heading stk-block-heading stk-block-heading--v2 stk-block stk-2a649ab\" id=\"evaluaciones-psicopedagogicas-integrales\" data-block-id=\"2a649ab\"><h2 class=\"stk-block-heading__text\">Evaluaciones Psicopedag\u00f3gicas Integrales<\/h2><\/div>\n\n\n\n<p>Detectamos dificultades de aprendizaje, trastornos del desarrollo y necesidades educativas especiales con un enfoque profesional y humano. Nuestro equipo multidisciplinario realiza valoraciones completas para brindar orientaci\u00f3n y estrategias efectivas.<\/p>\n\n\n\n<p>Dirigido a: estudiantes, familias e instituciones educativas.<\/p>\n<\/div><\/div><\/div>\n\n\n\n<div class=\"wp-block-stackable-column stk-block-column stk-column stk-block stk-7882a83\" data-v=\"4\" data-block-id=\"7882a83\"><style>@media screen and (min-width:690px){.stk-7882a83 {flex:var(--stk-flex-grow, 1) 1 calc(55.2% - var(--stk-column-gap, 0px) * 1 \/ 2 ) !important;}}<\/style><div class=\"stk-column-wrapper stk-block-column__content stk-container stk-7882a83-container stk--no-background stk--no-padding\"><div class=\"stk-block-content stk-inner-blocks stk-7882a83-inner-blocks\">\n<div class=\"wp-block-stackable-columns stk-block-columns stk-block stk-3477805\" data-block-id=\"3477805\"><div class=\"stk-row stk-inner-blocks stk-block-content stk-content-align stk-3477805-column\">\n<div class=\"wp-block-stackable-column stk-block-column stk-column stk-block stk-9e8d6ab\" data-v=\"4\" data-block-id=\"9e8d6ab\"><div class=\"stk-column-wrapper stk-block-column__content stk-container stk-9e8d6ab-container stk--no-background stk--no-padding\"><div class=\"stk-block-content stk-inner-blocks stk-9e8d6ab-inner-blocks\">\n<figure class=\"wp-block-image size-large wp-duotone-unset-1\"><img fetchpriority=\"high\" decoding=\"async\" width=\"1024\" height=\"576\" src=\"https:\/\/raicesccdi.com\/wp-content\/uploads\/2025\/09\/Evaluaciones-Piscopedagogicas-1024x576.png\" alt=\"\" class=\"wp-image-328\" srcset=\"https:\/\/raicesccdi.com\/wp-content\/uploads\/2025\/09\/Evaluaciones-Piscopedagogicas-1024x576.png 1024w, https:\/\/raicesccdi.com\/wp-content\/uploads\/2025\/09\/Evaluaciones-Piscopedagogicas-600x338.png 600w, https:\/\/raicesccdi.com\/wp-content\/uploads\/2025\/09\/Evaluaciones-Piscopedagogicas-300x169.png 300w, https:\/\/raicesccdi.com\/wp-content\/uploads\/2025\/09\/Evaluaciones-Piscopedagogicas-768x432.png 768w, https:\/\/raicesccdi.com\/wp-content\/uploads\/2025\/09\/Evaluaciones-Piscopedagogicas-1536x864.png 1536w, https:\/\/raicesccdi.com\/wp-content\/uploads\/2025\/09\/Evaluaciones-Piscopedagogicas.png 1920w\" sizes=\"(max-width: 1024px) 100vw, 1024px\" \/><\/figure>\n<\/div><\/div><\/div>\n<\/div><\/div>\n<\/div><\/div><\/div>\n<\/div><\/div>\n\n\n\n<div class=\"wp-block-stackable-columns stk-block-columns stk-has-top-separator stk-block stk-babfdb4\" data-block-id=\"babfdb4\"><style>.stk-babfdb4 > .stk-separator__top .stk-separator__wrapper{height:30px !important;}<\/style><div class=\"stk-separator stk-separator__top\"><div class=\"stk-separator__wrapper\"><svg xmlns=\"http:\/\/www.w3.org\/2000\/svg\" viewBox=\"0 0 1600 200\" class=\"stk-separator__layer-1\" preserveAspectRatio=\"none\" aria-hidden=\"true\"><path class=\"wave-1_svg__st2\" d=\"M1341.4 48.9c-182.4 0-254.2 80.4-429.4 80.4-117.8 0-209.7-67.5-393.5-67.5-142.2 0-212.6 38.8-324.6 38.8S-10 64.7-10 64.7V210h1620V102c-110.6-40.2-181-53.1-268.6-53.1z\"><\/path><\/svg><\/div><\/div><div class=\"stk-row stk-inner-blocks stk-block-content stk-content-align stk-babfdb4-column\">\n<div class=\"wp-block-stackable-column stk-block-column stk-column stk-block stk-57b0b48\" data-v=\"4\" data-block-id=\"57b0b48\"><style>@media screen and (min-width:690px){.stk-57b0b48 {flex:var(--stk-flex-grow, 1) 1 calc(45.099999999999994% - var(--stk-column-gap, 0px) * 1 \/ 2 ) !important;}}<\/style><div class=\"stk-column-wrapper stk-block-column__content stk-container stk-57b0b48-container stk--no-background stk--no-padding\"><div class=\"stk-block-content stk-inner-blocks stk-57b0b48-inner-blocks\">\n<figure class=\"wp-block-image aligncenter size-large is-resized\"><img decoding=\"async\" width=\"2560\" height=\"1439\" src=\"https:\/\/raicesccdi.com\/wp-content\/uploads\/2025\/08\/RAICES-QUE-CUIDAN-46-edited-scaled.jpg\" alt=\"\" class=\"wp-image-314\" style=\"width:561px;height:auto\" srcset=\"https:\/\/raicesccdi.com\/wp-content\/uploads\/2025\/08\/RAICES-QUE-CUIDAN-46-edited-scaled.jpg 2560w, https:\/\/raicesccdi.com\/wp-content\/uploads\/2025\/08\/RAICES-QUE-CUIDAN-46-edited-scaled-600x337.jpg 600w, https:\/\/raicesccdi.com\/wp-content\/uploads\/2025\/08\/RAICES-QUE-CUIDAN-46-edited-300x169.jpg 300w, https:\/\/raicesccdi.com\/wp-content\/uploads\/2025\/08\/RAICES-QUE-CUIDAN-46-edited-1024x576.jpg 1024w, https:\/\/raicesccdi.com\/wp-content\/uploads\/2025\/08\/RAICES-QUE-CUIDAN-46-edited-768x432.jpg 768w, https:\/\/raicesccdi.com\/wp-content\/uploads\/2025\/08\/RAICES-QUE-CUIDAN-46-edited-1536x864.jpg 1536w, https:\/\/raicesccdi.com\/wp-content\/uploads\/2025\/08\/RAICES-QUE-CUIDAN-46-edited-2048x1151.jpg 2048w\" sizes=\"(max-width: 2560px) 100vw, 2560px\" \/><\/figure>\n<\/div><\/div><\/div>\n\n\n\n<div class=\"wp-block-stackable-column stk-block-column stk-column stk-block stk-f362d72\" data-v=\"4\" data-block-id=\"f362d72\"><style>@media screen and (min-width:690px){.stk-f362d72 {flex:var(--stk-flex-grow, 1) 1 calc(54.9% - var(--stk-column-gap, 0px) * 1 \/ 2 ) !important;}}<\/style><div class=\"stk-column-wrapper stk-block-column__content stk-container stk-f362d72-container stk--no-background stk--no-padding\"><div class=\"stk-block-content stk-inner-blocks stk-f362d72-inner-blocks\">\n<div class=\"wp-block-stackable-columns stk-block-columns stk-block stk-9216e67\" data-block-id=\"9216e67\"><div class=\"stk-row stk-inner-blocks stk-block-content stk-content-align stk-9216e67-column\">\n<div class=\"wp-block-stackable-column stk-block-column stk-column stk-block stk-9e5cdda\" data-v=\"4\" data-block-id=\"9e5cdda\"><div class=\"stk-column-wrapper stk-block-column__content stk-container stk-9e5cdda-container stk--no-background stk--no-padding\"><div class=\"stk-block-content stk-inner-blocks stk-9e5cdda-inner-blocks\">\n<div class=\"wp-block-stackable-heading stk-block-heading stk-block-heading--v2 stk-block stk-02c56ab\" id=\"strong-terapias-psicopedagogicas-strong\" data-block-id=\"02c56ab\"><style>.stk-02c56ab .stk-block-heading__text{font-family:\"Poppins\", Sans-serif !important;}<\/style><h2 class=\"stk-block-heading__text\"><strong>Terapias Psicopedag\u00f3gicas<\/strong><\/h2><\/div>\n<\/div><\/div><\/div>\n<\/div><\/div>\n\n\n\n<p>Acompa\u00f1amos procesos de desarrollo emocional, social y acad\u00e9mico a trav\u00e9s de sesiones individuales, l\u00fadicas y terap\u00e9uticas. Fortalecemos autoestima, autonom\u00eda, habilidades sociales y cognitivas.<\/p>\n\n\n\n<p>Dirigido a: ni\u00f1os, adolescentes y familias.<\/p>\n<\/div><\/div><\/div>\n<\/div><\/div>\n\n\n\n<div class=\"wp-block-stackable-columns stk-block-columns stk-has-top-separator stk-block stk-1202771\" data-block-id=\"1202771\"><style>.stk-1202771 > .stk-separator__top .stk-separator__wrapper{height:30px !important;}<\/style><div class=\"stk-separator stk-separator__top\"><div class=\"stk-separator__wrapper\"><svg xmlns=\"http:\/\/www.w3.org\/2000\/svg\" viewBox=\"0 0 1600 200\" class=\"stk-separator__layer-1\" preserveAspectRatio=\"none\" aria-hidden=\"true\"><path class=\"wave-1_svg__st2\" d=\"M1341.4 48.9c-182.4 0-254.2 80.4-429.4 80.4-117.8 0-209.7-67.5-393.5-67.5-142.2 0-212.6 38.8-324.6 38.8S-10 64.7-10 64.7V210h1620V102c-110.6-40.2-181-53.1-268.6-53.1z\"><\/path><\/svg><\/div><\/div><div class=\"stk-row stk-inner-blocks stk-block-content stk-content-align stk-1202771-column\">\n<div class=\"wp-block-stackable-column stk-block-column stk-column stk-block stk-6ec3e8e\" data-v=\"4\" data-block-id=\"6ec3e8e\"><style>@media screen and (min-width:690px){.stk-6ec3e8e {flex:var(--stk-flex-grow, 1) 1 calc(44.8% - var(--stk-column-gap, 0px) * 1 \/ 2 ) !important;}}<\/style><div class=\"stk-column-wrapper stk-block-column__content stk-container stk-6ec3e8e-container stk--no-background stk--no-padding\"><div class=\"stk-block-content stk-inner-blocks stk-6ec3e8e-inner-blocks\">\n<div class=\"wp-block-stackable-heading stk-block-heading stk-block-heading--v2 stk-block stk-0efeddd\" id=\"programa-de-inclusion-post-bachillerato\" data-block-id=\"0efeddd\"><h2 class=\"stk-block-heading__text\">Programa de Inclusi\u00f3n Post-Bachillerato<\/h2><\/div>\n\n\n\n<p>Formaci\u00f3n integral para j\u00f3venes con discapacidad intelectual. Fortalecemos habilidades para la vida y el trabajo, impulsando la inclusi\u00f3n social y laboral con acompa\u00f1amiento personalizado.<\/p>\n<\/div><\/div><\/div>\n\n\n\n<div class=\"wp-block-stackable-column stk-block-column stk-column stk-block stk-81b9b6d\" data-v=\"4\" data-block-id=\"81b9b6d\"><style>@media screen and (min-width:690px){.stk-81b9b6d {flex:var(--stk-flex-grow, 1) 1 calc(55.2% - var(--stk-column-gap, 0px) * 1 \/ 2 ) !important;}}<\/style><div class=\"stk-column-wrapper stk-block-column__content stk-container stk-81b9b6d-container stk--no-background stk--no-padding\"><div class=\"stk-block-content stk-inner-blocks stk-81b9b6d-inner-blocks\">\n<div class=\"wp-block-stackable-columns stk-block-columns stk-block stk-af8783d\" data-block-id=\"af8783d\"><div class=\"stk-row stk-inner-blocks stk-block-content stk-content-align stk-af8783d-column\">\n<div class=\"wp-block-stackable-column stk-block-column stk-column stk-block stk-a63c194\" data-v=\"4\" data-block-id=\"a63c194\"><div class=\"stk-column-wrapper stk-block-column__content stk-container stk-a63c194-container stk--no-background stk--no-padding\"><div class=\"stk-block-content stk-inner-blocks stk-a63c194-inner-blocks\">\n<figure class=\"wp-block-image size-large\"><img decoding=\"async\" width=\"1024\" height=\"576\" src=\"https:\/\/raicesccdi.com\/wp-content\/uploads\/2025\/09\/Programa-de-Inclusion-Post-Bachillerato-1024x576.png\" alt=\"\" class=\"wp-image-325\" srcset=\"https:\/\/raicesccdi.com\/wp-content\/uploads\/2025\/09\/Programa-de-Inclusion-Post-Bachillerato-1024x576.png 1024w, https:\/\/raicesccdi.com\/wp-content\/uploads\/2025\/09\/Programa-de-Inclusion-Post-Bachillerato-600x338.png 600w, https:\/\/raicesccdi.com\/wp-content\/uploads\/2025\/09\/Programa-de-Inclusion-Post-Bachillerato-300x169.png 300w, https:\/\/raicesccdi.com\/wp-content\/uploads\/2025\/09\/Programa-de-Inclusion-Post-Bachillerato-768x432.png 768w, https:\/\/raicesccdi.com\/wp-content\/uploads\/2025\/09\/Programa-de-Inclusion-Post-Bachillerato-1536x864.png 1536w, https:\/\/raicesccdi.com\/wp-content\/uploads\/2025\/09\/Programa-de-Inclusion-Post-Bachillerato.png 1920w\" sizes=\"(max-width: 1024px) 100vw, 1024px\" \/><\/figure>\n<\/div><\/div><\/div>\n<\/div><\/div>\n<\/div><\/div><\/div>\n<\/div><\/div>\n\n\n\n<div class=\"wp-block-stackable-columns stk-block-columns stk-block stk-a100ee6\" data-block-id=\"a100ee6\"><div class=\"stk-row stk-inner-blocks stk-block-content stk-content-align stk-a100ee6-column\">\n<div class=\"wp-block-stackable-column stk-block-column stk-column stk-block stk-d715a8e\" data-v=\"4\" data-block-id=\"d715a8e\"><style>@media screen and (min-width:690px){.stk-d715a8e {flex:var(--stk-flex-grow, 1) 1 calc(45.099999999999994% - var(--stk-column-gap, 0px) * 1 \/ 2 ) !important;}}<\/style><div class=\"stk-column-wrapper stk-block-column__content stk-container stk-d715a8e-container stk--no-background stk--no-padding\"><div class=\"stk-block-content stk-inner-blocks stk-d715a8e-inner-blocks\"><\/div><\/div><\/div>\n\n\n\n<div class=\"wp-block-stackable-column stk-block-column stk-column stk-block stk-c000819\" data-v=\"4\" data-block-id=\"c000819\"><style>@media screen and (min-width:690px){.stk-c000819 {flex:var(--stk-flex-grow, 1) 1 calc(54.9% - var(--stk-column-gap, 0px) * 1 \/ 2 ) !important;}}<\/style><div class=\"stk-column-wrapper stk-block-column__content stk-container stk-c000819-container stk--no-background stk--no-padding\"><div class=\"stk-block-content stk-inner-blocks stk-c000819-inner-blocks\">\n<div class=\"wp-block-stackable-columns stk-block-columns stk-block stk-f979017\" data-block-id=\"f979017\"><div class=\"stk-row stk-inner-blocks stk-block-content stk-content-align stk-f979017-column\">\n<div class=\"wp-block-stackable-column stk-block-column stk-column stk-block stk-59ae204\" data-v=\"4\" data-block-id=\"59ae204\"><div class=\"stk-column-wrapper stk-block-column__content stk-container stk-59ae204-container stk--no-background stk--no-padding\"><div class=\"stk-block-content stk-inner-blocks stk-59ae204-inner-blocks\">\n<div class=\"wp-block-stackable-heading stk-block-heading stk-block-heading--v2 stk-block stk-263ef06\" id=\"strong-strong-programa-de-apoyo-educativo-y-emocional-strong-strong\" data-block-id=\"263ef06\"><style>.stk-263ef06 .stk-block-heading__text{font-family:\"Poppins\", Sans-serif !important;}<\/style><h2 class=\"stk-block-heading__text\"><strong><strong>Programa de Apoyo Educativo y Emocional<\/strong><\/strong><\/h2><\/div>\n<\/div><\/div><\/div>\n<\/div><\/div>\n\n\n\n<p>Acompa\u00f1amos a estudiantes que necesitan refuerzo en \u00e1reas acad\u00e9micas y en el desarrollo socioemocional con estrategias adaptadas<\/p>\n<\/div><\/div><\/div>\n<\/div><\/div>\n\n\n\n<p><\/p>\n","protected":false},"excerpt":{"rendered":"<p>Evaluaciones Psicopedag\u00f3gicas Integrales Detectamos dificultades de aprendizaje, trastornos del desarrollo y necesidades educativas especiales con un enfoque profesional y humano. Nuestro equipo multidisciplinario realiza valoraciones completas para brindar orientaci\u00f3n y estrategias efectivas. Dirigido a: estudiantes, familias e instituciones educativas. Terapias Psicopedag\u00f3gicas Acompa\u00f1amos procesos de desarrollo emocional, social y acad\u00e9mico a trav\u00e9s de sesiones individuales, l\u00fadicas [&hellip;]<\/p>\n","protected":false},"author":3,"featured_media":0,"parent":0,"menu_order":0,"comment_status":"closed","ping_status":"closed","template":"","meta":{"_eb_attr":"","footnotes":""},"class_list":["post-126","page","type-page","status-publish","hentry"],"blocksy_meta":[],"jetpack_sharing_enabled":true,"_links":{"self":[{"href":"https:\/\/raicesccdi.com\/index.php?rest_route=\/wp\/v2\/pages\/126","targetHints":{"allow":["GET"]}}],"collection":[{"href":"https:\/\/raicesccdi.com\/index.php?rest_route=\/wp\/v2\/pages"}],"about":[{"href":"https:\/\/raicesccdi.com\/index.php?rest_route=\/wp\/v2\/types\/page"}],"author":[{"embeddable":true,"href":"https:\/\/raicesccdi.com\/index.php?rest_route=\/wp\/v2\/users\/3"}],"replies":[{"embeddable":true,"href":"https:\/\/raicesccdi.com\/index.php?rest_route=%2Fwp%2Fv2%2Fcomments&post=126"}],"version-history":[{"count":17,"href":"https:\/\/raicesccdi.com\/index.php?rest_route=\/wp\/v2\/pages\/126\/revisions"}],"predecessor-version":[{"id":336,"href":"https:\/\/raicesccdi.com\/index.php?rest_route=\/wp\/v2\/pages\/126\/revisions\/336"}],"wp:attachment":[{"href":"https:\/\/raicesccdi.com\/index.php?rest_route=%2Fwp%2Fv2%2Fmedia&parent=126"}],"curies":[{"name":"wp","href":"https:\/\/api.w.org\/{rel}","templated":true}]}}