{"id":71,"date":"2025-01-23T18:11:54","date_gmt":"2025-01-23T18:11:54","guid":{"rendered":"https:\/\/raicesccdi.com\/?page_id=71"},"modified":"2026-03-16T01:20:53","modified_gmt":"2026-03-16T01:20:53","slug":"quienes-somos","status":"publish","type":"page","link":"https:\/\/raicesccdi.com\/?page_id=71","title":{"rendered":"Quienes Somos"},"content":{"rendered":"\t\t<div data-elementor-type=\"wp-page\" data-elementor-id=\"71\" class=\"elementor elementor-71\">\n\t\t\t\t\t\t<section data-ka-cursor-size=\"1\" class=\"elementor-section elementor-top-section elementor-element elementor-element-586fc7d elementor-section-boxed elementor-section-height-default elementor-section-height-default\" data-id=\"586fc7d\" data-element_type=\"section\" data-settings=\"{&quot;kng_cursor_interaction&quot;:&quot;default&quot;,&quot;kng_cursor_magnetic&quot;:&quot;none&quot;,&quot;kng_cursor_size_multiplier&quot;:{&quot;unit&quot;:&quot;px&quot;,&quot;size&quot;:1,&quot;sizes&quot;:[]}}\">\n\t\t\t\t\t\t<div class=\"elementor-container elementor-column-gap-default\">\n\t\t\t\t\t<div data-ka-cursor-size=\"1\" class=\"elementor-column elementor-col-100 elementor-top-column elementor-element elementor-element-335ad72\" data-id=\"335ad72\" data-element_type=\"column\" data-settings=\"{&quot;kng_cursor_interaction&quot;:&quot;default&quot;,&quot;kng_cursor_magnetic&quot;:&quot;none&quot;,&quot;kng_cursor_size_multiplier&quot;:{&quot;unit&quot;:&quot;px&quot;,&quot;size&quot;:1,&quot;sizes&quot;:[]}}\">\n\t\t\t<div class=\"elementor-widget-wrap elementor-element-populated\">\n\t\t\t\t\t\t<div data-ka-cursor-size=\"1\" class=\"elementor-element elementor-element-21c052f elementor-widget elementor-widget-heading\" data-id=\"21c052f\" data-element_type=\"widget\" data-settings=\"{&quot;kng_cursor_interaction&quot;:&quot;default&quot;,&quot;kng_cursor_magnetic&quot;:&quot;none&quot;,&quot;kng_cursor_size_multiplier&quot;:{&quot;unit&quot;:&quot;px&quot;,&quot;size&quot;:1,&quot;sizes&quot;:[]}}\" data-widget_type=\"heading.default\">\n\t\t\t\t<div class=\"elementor-widget-container\">\n\t\t\t\t\t<h2 class=\"elementor-heading-title elementor-size-default\">SOBRE NOSOTROS<\/h2>\t\t\t\t<\/div>\n\t\t\t\t<\/div>\n\t\t\t\t<div data-ka-cursor-size=\"1\" class=\"elementor-element elementor-element-e2b76dd elementor-widget elementor-widget-text-editor\" data-id=\"e2b76dd\" data-element_type=\"widget\" data-settings=\"{&quot;kng_cursor_interaction&quot;:&quot;default&quot;,&quot;kng_cursor_magnetic&quot;:&quot;none&quot;,&quot;kng_cursor_size_multiplier&quot;:{&quot;unit&quot;:&quot;px&quot;,&quot;size&quot;:1,&quot;sizes&quot;:[]}}\" data-widget_type=\"text-editor.default\">\n\t\t\t\t<div class=\"elementor-widget-container\">\n\t\t\t\t\t\t\t\t\t<p>El Centro de Capacitaci\u00f3n y Desarrollo Integral RA\u00cdCES nace con el prop\u00f3sito de crear un espacio donde cada persona pueda desarrollar sus talentos y fortalecer su confianza. Creemos en una educaci\u00f3n que valore la creatividad, la inclusi\u00f3n y el desarrollo humano.<\/p>\n<p>El centro es dirigido por la Psic. Alma Zeballos, profesional comprometida con el acompa\u00f1amiento de procesos de desarrollo personal y social en ni\u00f1os y j\u00f3venes.<\/p>\t\t\t\t\t\t\t\t<\/div>\n\t\t\t\t<\/div>\n\t\t\t\t\t<\/div>\n\t\t<\/div>\n\t\t\t\t\t<\/div>\n\t\t<\/section>\n\t\t\t\t<section data-ka-cursor-size=\"1\" class=\"elementor-section elementor-top-section elementor-element elementor-element-4809de9 elementor-section-boxed elementor-section-height-default elementor-section-height-default\" data-id=\"4809de9\" data-element_type=\"section\" data-settings=\"{&quot;kng_cursor_interaction&quot;:&quot;default&quot;,&quot;kng_cursor_magnetic&quot;:&quot;none&quot;,&quot;kng_cursor_size_multiplier&quot;:{&quot;unit&quot;:&quot;px&quot;,&quot;size&quot;:1,&quot;sizes&quot;:[]}}\">\n\t\t\t\t\t\t<div class=\"elementor-container elementor-column-gap-default\">\n\t\t\t\t\t<div data-ka-cursor-size=\"1\" class=\"elementor-column elementor-col-100 elementor-top-column elementor-element elementor-element-6c902374\" data-id=\"6c902374\" data-element_type=\"column\" data-settings=\"{&quot;kng_cursor_interaction&quot;:&quot;default&quot;,&quot;kng_cursor_magnetic&quot;:&quot;none&quot;,&quot;kng_cursor_size_multiplier&quot;:{&quot;unit&quot;:&quot;px&quot;,&quot;size&quot;:1,&quot;sizes&quot;:[]}}\">\n\t\t\t<div class=\"elementor-widget-wrap elementor-element-populated\">\n\t\t\t\t\t\t<div data-ka-cursor-size=\"1\" class=\"elementor-element elementor-element-18e58a09 elementor-widget elementor-widget-text-editor\" data-id=\"18e58a09\" data-element_type=\"widget\" data-settings=\"{&quot;kng_cursor_interaction&quot;:&quot;default&quot;,&quot;kng_cursor_magnetic&quot;:&quot;none&quot;,&quot;kng_cursor_size_multiplier&quot;:{&quot;unit&quot;:&quot;px&quot;,&quot;size&quot;:1,&quot;sizes&quot;:[]}}\" data-widget_type=\"text-editor.default\">\n\t\t\t\t<div class=\"elementor-widget-container\">\n\t\t\t\t\t\t\t\t\t\n<div class=\"wp-block-stackable-columns stk-block-columns stk-block stk-hz5soku\" data-block-id=\"hz5soku\"><style>.stk-hz5soku {margin-bottom:22px !important;}<\/style>\n<div class=\"stk-row stk-inner-blocks stk-block-content stk-content-align stk-hz5soku-column\">\n<div class=\"wp-block-stackable-column stk-block-column stk-column stk-block stk-n6jkozu\" data-v=\"4\" data-block-id=\"n6jkozu\">\n<div class=\"stk-column-wrapper stk-block-column__content stk-container stk-n6jkozu-container stk--no-background stk--no-padding\">\n<div class=\"has-text-align-center stk-block-content stk-inner-blocks stk-n6jkozu-inner-blocks\">\n<div id=\"vision\" class=\"wp-block-stackable-heading stk-block-heading stk-block-heading--v2 stk-block stk-c96g7lq\" data-block-id=\"c96g7lq\"><style>.stk-c96g7lq {margin-bottom:12px !important;}<\/style>\n<h2 class=\"stk-block-heading__text has-text-align-center\">Visi\u00f3n<\/h2>\n<\/div>\n\n<p class=\"has-text-align-left\">Ser reconocido como un referente en el \u00e1mbito de la educaci\u00f3n y el desarrollo integral, destac\u00e1ndonos por nuestra dedicaci\u00f3n a la inclusi\u00f3n, la calidad educativa y la innovaci\u00f3n. Aspiramos a transformar vidas y comunidades, proporcionado a nuestro estudiantes las herramientas y conocimiento necesarios para enfrentar los desaf\u00edos del futuro con confianza y competencia.<\/p>\n\n<figure class=\"wp-block-image size-large\"><img fetchpriority=\"high\" decoding=\"async\" width=\"1024\" height=\"683\" class=\"wp-image-301\" src=\"https:\/\/raicesccdi.com\/wp-content\/uploads\/2025\/08\/IMG_7105-1024x683.jpg\" alt=\"\" srcset=\"https:\/\/raicesccdi.com\/wp-content\/uploads\/2025\/08\/IMG_7105-1024x683.jpg 1024w, https:\/\/raicesccdi.com\/wp-content\/uploads\/2025\/08\/IMG_7105-scaled-600x400.jpg 600w, https:\/\/raicesccdi.com\/wp-content\/uploads\/2025\/08\/IMG_7105-300x200.jpg 300w, https:\/\/raicesccdi.com\/wp-content\/uploads\/2025\/08\/IMG_7105-768x512.jpg 768w, https:\/\/raicesccdi.com\/wp-content\/uploads\/2025\/08\/IMG_7105-1536x1024.jpg 1536w, https:\/\/raicesccdi.com\/wp-content\/uploads\/2025\/08\/IMG_7105-2048x1365.jpg 2048w\" sizes=\"(max-width: 1024px) 100vw, 1024px\" \/><\/figure>\n<\/div>\n<\/div>\n<\/div>\n\n<div class=\"wp-block-stackable-column stk-block-column stk-column stk-block stk-2g85qn7\" data-v=\"4\" data-block-id=\"2g85qn7\">\n<div class=\"stk-column-wrapper stk-block-column__content stk-container stk-2g85qn7-container stk--no-background stk--no-padding\">\n<div class=\"has-text-align-center stk-block-content stk-inner-blocks stk-2g85qn7-inner-blocks\">\n<div id=\"mision\" class=\"wp-block-stackable-heading stk-block-heading stk-block-heading--v2 stk-block stk-yc2x45m\" data-block-id=\"yc2x45m\"><style>.stk-yc2x45m {margin-bottom:12px !important;}<\/style>\n<h2 class=\"stk-block-heading__text has-text-align-center\">Misi\u00f3n<\/h2>\n<\/div>\n\n<p class=\"has-text-align-left\">En Ra\u00edces, nuestra misi\u00f3n es ser centro de capacitaci\u00f3n y desarrollo integral que promueva la excelencia educativa, la inclusi\u00f3n y la innovaci\u00f3n. Buscamos forma profesionales de calidad, ofreciendo una amplia gama de programas acad\u00e9micos que responda a las necesidades del mercado laboral actual.<\/p>\n\n<figure class=\"wp-block-image size-large is-resized\"><img decoding=\"async\" width=\"1024\" height=\"768\" class=\"wp-image-375\" style=\"width: 597px; height: auto;\" src=\"https:\/\/raicesccdi.com\/wp-content\/uploads\/2025\/09\/IMG_2592-1-1024x768.jpg\" alt=\"\" srcset=\"https:\/\/raicesccdi.com\/wp-content\/uploads\/2025\/09\/IMG_2592-1-1024x768.jpg 1024w, https:\/\/raicesccdi.com\/wp-content\/uploads\/2025\/09\/IMG_2592-1-scaled-600x450.jpg 600w, https:\/\/raicesccdi.com\/wp-content\/uploads\/2025\/09\/IMG_2592-1-300x225.jpg 300w, https:\/\/raicesccdi.com\/wp-content\/uploads\/2025\/09\/IMG_2592-1-768x576.jpg 768w, https:\/\/raicesccdi.com\/wp-content\/uploads\/2025\/09\/IMG_2592-1-1536x1152.jpg 1536w, https:\/\/raicesccdi.com\/wp-content\/uploads\/2025\/09\/IMG_2592-1-2048x1536.jpg 2048w\" sizes=\"(max-width: 1024px) 100vw, 1024px\" \/><\/figure>\n<\/div>\n<\/div>\n<\/div>\n<\/div>\n<\/div>\n\n<p>\u00a0<\/p>\n\t\t\t\t\t\t\t\t<\/div>\n\t\t\t\t<\/div>\n\t\t\t\t\t<\/div>\n\t\t<\/div>\n\t\t\t\t\t<\/div>\n\t\t<\/section>\n\t\t\t\t<\/div>\n\t\t","protected":false},"excerpt":{"rendered":"<p>SOBRE NOSOTROS El Centro de Capacitaci\u00f3n y Desarrollo Integral RA\u00cdCES nace con el prop\u00f3sito de crear un espacio donde cada persona pueda desarrollar sus talentos y fortalecer su confianza. Creemos en una educaci\u00f3n que valore la creatividad, la inclusi\u00f3n y el desarrollo humano. El centro es dirigido por la Psic. Alma Zeballos, profesional comprometida con [&hellip;]<\/p>\n","protected":false},"author":3,"featured_media":0,"parent":0,"menu_order":0,"comment_status":"closed","ping_status":"closed","template":"","meta":{"_eb_attr":"","footnotes":""},"class_list":["post-71","page","type-page","status-publish","hentry"],"blocksy_meta":[],"jetpack_sharing_enabled":true,"_links":{"self":[{"href":"https:\/\/raicesccdi.com\/index.php?rest_route=\/wp\/v2\/pages\/71","targetHints":{"allow":["GET"]}}],"collection":[{"href":"https:\/\/raicesccdi.com\/index.php?rest_route=\/wp\/v2\/pages"}],"about":[{"href":"https:\/\/raicesccdi.com\/index.php?rest_route=\/wp\/v2\/types\/page"}],"author":[{"embeddable":true,"href":"https:\/\/raicesccdi.com\/index.php?rest_route=\/wp\/v2\/users\/3"}],"replies":[{"embeddable":true,"href":"https:\/\/raicesccdi.com\/index.php?rest_route=%2Fwp%2Fv2%2Fcomments&post=71"}],"version-history":[{"count":12,"href":"https:\/\/raicesccdi.com\/index.php?rest_route=\/wp\/v2\/pages\/71\/revisions"}],"predecessor-version":[{"id":859,"href":"https:\/\/raicesccdi.com\/index.php?rest_route=\/wp\/v2\/pages\/71\/revisions\/859"}],"wp:attachment":[{"href":"https:\/\/raicesccdi.com\/index.php?rest_route=%2Fwp%2Fv2%2Fmedia&parent=71"}],"curies":[{"name":"wp","href":"https:\/\/api.w.org\/{rel}","templated":true}]}}